{"id":15324,"date":"2026-03-25T15:11:08","date_gmt":"2026-03-25T14:11:08","guid":{"rendered":"https:\/\/www.hotelmeridianasirmione.com\/?page_id=15324"},"modified":"2026-03-25T16:30:45","modified_gmt":"2026-03-25T15:30:45","slug":"privacy-nuova-meridiana","status":"publish","type":"page","link":"https:\/\/www.hotelmeridianasirmione.com\/en\/privacy-nuova-meridiana\/","title":{"rendered":"Privacy nuova Meridiana"},"content":{"rendered":"<div id=\"cmsmasters_row_\" class=\"cmsmasters_row cmsmasters_color_scheme_default cmsmasters_row_top_default cmsmasters_row_bot_default cmsmasters_row_boxed\">\n<div class=\"cmsmasters_row_outer_parent\">\n<div class=\"cmsmasters_row_outer\">\n<div class=\"cmsmasters_row_inner\">\n<div class=\"cmsmasters_row_margin\">\n<div id=\"cmsmasters_column_\" class=\"cmsmasters_column one_first\">\n<div class=\"cmsmasters_column_inner\"><div class=\"cmsmasters_text\">\n<h2>Informativa sulla protezione dei dati personali<\/h2>\n<p>Aggiornata al Nuovo Regolamento UE n. 679\/2016 (GDPR) e successive disposizioni di adeguamento legislativo alla Legge Italiana 196\/2003 (D.Lgs 101\/2018) (5 rev. 2-2026)<\/p>\n<h3>1. INTRODUZIONE<\/h3>\n<h3>Titolare del trattamento dei dati personali:<\/h3>\n<p><strong>MERIDIANA S.R.L.<\/strong><br \/>\nCF: 04146940988<br \/>\nVIA CATULLO 5, 25019, SIRMIONE (BS)<br \/>\nEmail: <a href=\"mailto:info@hotelmeridianasirmione.com\">info@hotelmeridianasirmione.com<\/a><\/p>\n<p>La societ\u00e0 considera di primaria importanza la tutela dei dati personali dei propri clienti e utenti, garantendo il trattamento nel pieno rispetto del <strong>Regolamento UE 2016\/679<\/strong> (di seguito \u201cRegolamento\u201d) e della normativa vigente in tema di protezione dei dati personali.<\/p>\n<p>Ai sensi dell\u2019art. 4, punto 1) del Regolamento, i <strong>Dati Personali<\/strong> sono definiti come qualsiasi informazione riguardante una persona fisica identificata o identificabile, compresi nome, numero di identificazione, dati relativi all\u2019ubicazione, identificativo online o altri elementi caratteristici dell\u2019identit\u00e0 fisica, fisiologica, genetica, psichica, economica, culturale o sociale.<\/p>\n<p>Il Titolare potr\u00e0 venire a conoscenza o richiedere Dati Personali quali: nome e cognome, indirizzo e-mail, recapiti telefonici e postali, Codice Fiscale o Partita IVA, data di nascita e altri dati identificativi.<\/p>\n<p>Il Regolamento richiede che venga fornita, prima del trattamento, un\u2019informativa completa sulle finalit\u00e0, modalit\u00e0 e misure di sicurezza del trattamento stesso. Il <strong>Trattamento<\/strong> include operazioni come raccolta, registrazione, organizzazione, conservazione, consultazione, uso, comunicazione, cancellazione e distruzione dei dati personali.<\/p>\n<p>La presente <strong>Informativa<\/strong> ha lo scopo di fornire informazioni chiare e comprensibili sulle modalit\u00e0 di gestione dei dati personali, in linea con gli artt. 13 e 14 del Regolamento, articolata in sezioni per facilitare la lettura.<\/p>\n<p>La <strong>Privacy Policy<\/strong> descrive il trattamento dei dati degli <strong>Utenti<\/strong> del sito:<br \/>\n<strong>hotelmeridianasirmione.com<\/strong><\/p>\n<p>Il Titolare garantisce la protezione e sicurezza dei dati personali degli Utenti, inclusi Cookie, dati di utilizzo, indirizzi e-mail, nome e cognome, numero di telefono, indirizzi di domicilio\/residenza e le interazioni con le attivit\u00e0 del Titolare sul sito.<\/p>\n<p>Anche in assenza di specifica informativa ai sensi dell\u2019art. 13 del Regolamento, la presente Privacy Policy fornisce le informazioni richieste dagli artt. 13 e 14 per tutti gli Utenti che interagiscono con il sito.<\/p>\n<h3>2. FINALIT\u00c0 DEL TRATTAMENTO, BASE GIURIDICA, LICEIT\u00c0, TIPOLOGIA DI DATI E TERMINI DI CONSERVAZIONE<\/h3>\n<h3>2.1 Finalit\u00e0 del trattamento<\/h3>\n<p>Questa sezione descrive le finalit\u00e0 per cui i dati degli Utenti vengono trattati dal Titolare.<\/p>\n<table>\n<thead>\n<tr>\n<th><\/th>\n<th><\/th>\n<th>Finalit\u00e0 del trattamento<\/th>\n<th>Base giuridica e liceit\u00e0 del trattamento e natura del conferimento<\/th>\n<th>Tipologia di dati trattati<\/th>\n<th>Termini di conservazione dei dati<\/th>\n<\/tr>\n<\/thead>\n<tbody>\n<tr>\n<td>a<\/td>\n<td><strong>NAVIGAZIONE<\/strong><\/td>\n<td>Consentire la fruizione del sito web e le attivit\u00e0 di manutenzione e assistenza tecnica.<\/td>\n<td>Base giuridica: legittimo interesse (art. 6 par.1 lett. f GDPR).<br \/>\nIl trattamento si basa sul rapporto instaurato con il Titolare tramite il sito.<\/td>\n<td>\u2022 Dati di navigazione (IP, URL, orari, browser, ecc.)<br \/>\n\u2022 Dati forniti dall\u2019utente (form contatti)<br \/>\n\u2022 Cookie e sistemi di tracciamento<strong>Dati derivati:<\/strong> informazioni tecniche raccolte automaticamente.<br \/>\n<strong>Autorizzazioni social:<\/strong> dati base account (se applicabile).<\/td>\n<td>In base alla durata dei cookie utilizzati.<\/td>\n<\/tr>\n<tr>\n<td>b<\/td>\n<td><strong>RISPOSTA ALLE RICHIESTE<\/strong><\/td>\n<td>Consentire al Titolare di rispondere alle richieste inviate tramite il sito.<\/td>\n<td>Base giuridica: legittimo interesse (art. 6 par.1 lett. f GDPR).<br \/>\nIl trattamento si basa sul rapporto instaurato con il Titolare.<\/td>\n<td>\u2022 Dati forniti dall\u2019utente (nome, email, ecc.)<br \/>\n\u2022 Eventuali dati di navigazione e tracciamento<\/td>\n<td>In base alla durata dei cookie utilizzati.<\/td>\n<\/tr>\n<\/tbody>\n<\/table>\n<h3><strong><u>2.2. Per ci\u00f2 che concerne le finalit\u00e0 di trattamento dell\u2019attivit\u00e0 del titolare del trattamento:<\/u><\/strong><\/h3>\n<h4><strong><u>NEI CONFRONTI DEGLI UTENTI CLIENTI<\/u><\/strong><\/h4>\n<table>\n<thead>\n<tr>\n<th><\/th>\n<th>Finalit\u00e0<\/th>\n<th>Descrizione<\/th>\n<th>Base giuridica<\/th>\n<th>Natura conferimento<\/th>\n<th>Dati trattati<\/th>\n<th>Conservazione<\/th>\n<\/tr>\n<\/thead>\n<tbody>\n<tr>\n<td>a<\/td>\n<td>Contratto<\/td>\n<td>Gestione acquisto servizi e richieste utenti<\/td>\n<td>Esecuzione contratto (art. 6.1.b GDPR)<\/td>\n<td>Facoltativo, ma necessario per erogazione servizio<\/td>\n<td>Nome, cognome, email, telefono, CF, residenza<\/td>\n<td>10 anni<\/td>\n<\/tr>\n<tr>\n<td>b<\/td>\n<td>Obbligo di legge<\/td>\n<td>Fatturazione, obblighi fiscali e normativi<\/td>\n<td>Obbligo legale (art. 6.1.c GDPR)<\/td>\n<td>Obbligatorio<\/td>\n<td>Dati identificativi e contatto<\/td>\n<td>10 anni<\/td>\n<\/tr>\n<tr>\n<td>c<\/td>\n<td>Difesa in giudizio<\/td>\n<td>Tutela diritti del titolare<\/td>\n<td>Legittimo interesse (art. 6.1.f GDPR)<\/td>\n<td>Facoltativo<\/td>\n<td>Dati necessari alla difesa<\/td>\n<td>10 anni<\/td>\n<\/tr>\n<tr>\n<td>e<\/td>\n<td>Marketing<\/td>\n<td>Newsletter e comunicazioni promozionali<\/td>\n<td>Consenso (art. 6.1.a GDPR)<\/td>\n<td>Revocabile<\/td>\n<td>Dati di contatto<\/td>\n<td>24 mesi<\/td>\n<\/tr>\n<tr>\n<td>f<\/td>\n<td>Registrazione semplificata<\/td>\n<td>Velocizzazione accesso servizi<\/td>\n<td>Legittimo interesse<\/td>\n<td>Facoltativo<\/td>\n<td>Dati identificativi<\/td>\n<td>10 anni<\/td>\n<\/tr>\n<tr>\n<td>g<\/td>\n<td>Videosorveglianza<\/td>\n<td>Sicurezza locali<\/td>\n<td>Legittimo interesse<\/td>\n<td>Facoltativo<\/td>\n<td>Immagini\/video<\/td>\n<td>24 ore<\/td>\n<\/tr>\n<\/tbody>\n<\/table>\n<h4><strong><u>NEI CONFRONTI DEGLI UTENTI FORNITORI<\/u><\/strong><\/h4>\n<table>\n<thead>\n<tr>\n<th><\/th>\n<th>Finalit\u00e0<\/th>\n<th>Descrizione<\/th>\n<th>Base giuridica<\/th>\n<th>Dati<\/th>\n<th>Conservazione<\/th>\n<\/tr>\n<\/thead>\n<tbody>\n<tr>\n<td>a<\/td>\n<td>Contratto<\/td>\n<td>Gestione rapporto commerciale e forniture<\/td>\n<td>Esecuzione contratto<\/td>\n<td>Dati identificativi e contatto<\/td>\n<td>10 anni<\/td>\n<\/tr>\n<tr>\n<td>b<\/td>\n<td>Obblighi di legge<\/td>\n<td>Adempimenti fiscali e normativi<\/td>\n<td>Obbligo legale<\/td>\n<td>Dati identificativi<\/td>\n<td>10 anni<\/td>\n<\/tr>\n<tr>\n<td>c<\/td>\n<td>Difesa in giudizio<\/td>\n<td>Tutela diritti<\/td>\n<td>Legittimo interesse<\/td>\n<td>Dati necessari<\/td>\n<td>10 anni<\/td>\n<\/tr>\n<\/tbody>\n<\/table>\n<h3><u>Nei confronti del personale e delle candidature alle posizioni lavorative<\/u><\/h3>\n<p><strong>Nei confronti dei membri del personale:<\/strong><\/p>\n<h4><strong>NEI CONFRONTI DEL PERSONALE<\/strong><\/h4>\n<p>Il trattamento dei dati personali \u00e8 effettuato per obblighi contrattuali, normativi e di sicurezza.<\/p>\n<ul>\n<li>Gestione del rapporto di lavoro<\/li>\n<li>Obblighi previdenziali e fiscali<\/li>\n<li>Sicurezza informatica<\/li>\n<li>Difesa in giudizio<\/li>\n<\/ul>\n<p>Base giuridica: contratto, obblighi di legge e legittimo interesse.<\/p>\n<p><strong>Nei confronti dei candidati<\/strong><\/p>\n<h4><strong>NEI CONFRONTI DEI CANDIDATI<\/strong><\/h4>\n<table border=\"1\" cellspacing=\"0\" cellpadding=\"5\">\n<thead>\n<tr>\n<th><\/th>\n<th>Finalit\u00e0<\/th>\n<th>Base giuridica<\/th>\n<th>Dati<\/th>\n<th>Conservazione<\/th>\n<\/tr>\n<\/thead>\n<tbody>\n<tr>\n<td>a<\/td>\n<td>Selezione personale<\/td>\n<td>Misure precontrattuali + consenso<\/td>\n<td>CV, dati contatto, esperienze<\/td>\n<td>12 mesi<\/td>\n<\/tr>\n<tr>\n<td>b<\/td>\n<td>Obbligo di legge<\/td>\n<td>Obbligo legale<\/td>\n<td>Dati identificativi<\/td>\n<td>12 mesi<\/td>\n<\/tr>\n<tr>\n<td>c<\/td>\n<td>Difesa in giudizio<\/td>\n<td>Legittimo interesse<\/td>\n<td>Dati necessari<\/td>\n<td>12 mesi<\/td>\n<\/tr>\n<\/tbody>\n<\/table>\n<h3>3. MODALIT\u00c0 DI TRATTAMENTO E MODALIT\u00c0 DI RACCOLTA DEI DATI<\/h3>\n<p>Il trattamento dei Suoi dati personali \u00e8 realizzato per mezzo delle seguenti operazioni: raccolta, registrazione, organizzazione, conservazione, consultazione, elaborazione, modificazione, selezione, estrazione, raffronto, utilizzo, interconnessione, blocco, comunicazione, cancellazione e distruzione dei dati.<\/p>\n<p>Il trattamento sar\u00e0 effettuato sia con strumenti manuali e\/o informatici e telematici con logiche di organizzazione ed elaborazione strettamente correlate alle finalit\u00e0 stesse e comunque in modo da garantire la sicurezza, l\u2019integrit\u00e0 e la riservatezza dei dati stessi nel rispetto delle misure organizzative, fisiche e logiche previste dagli artt. 24, 25 e 32 del GDPR.<\/p>\n<p>I dati personali oggetto di trattamento vengono raccolti direttamente dal Titolare del Trattamento o da soggetti terzi autorizzati, ovvero comunicati dal Titolare a tali soggetti per perseguire le finalit\u00e0 della presente informativa.<\/p>\n<p>Il Titolare del Trattamento svolge verifiche periodiche affinch\u00e9 non siano trattati dati personali non necessari rispetto alle finalit\u00e0 indicate.<\/p>\n<h3>4. ACCESSO AI DATI DA PARTE DI COLLABORATORI INCARICATI AL TRATTAMENTO<\/h3>\n<p>I Suoi dati potranno essere resi accessibili esclusivamente per le finalit\u00e0 indicate:<\/p>\n<ul>\n<li>Dipendenti e collaboratori del Titolare, ausiliari, persone terze in rapporto di outsourcing, autorizzati al trattamento e\/o responsabili interni e\/o amministratori di sistema.<\/li>\n<li>Societ\u00e0 terze o altri soggetti che svolgono attivit\u00e0 in outsourcing per conto del Titolare, come responsabili esterni del trattamento.<\/li>\n<\/ul>\n<h3>5. COMUNICAZIONE DEI DATI PERSONALI<\/h3>\n<p>I Dati Personali potranno essere comunicati a specifici soggetti destinatari, intesi come persone fisiche o giuridiche, autorit\u00e0 pubbliche o organismi che ricevono comunicazione di dati personali.<\/p>\n<p>I destinatari dei dati possono trattare i Suoi Dati Personali per le finalit\u00e0 indicate e includono:<\/p>\n<ul>\n<li>Soggetti terzi che svolgono attivit\u00e0 connesse e strumentali per conto del Titolare, nominati responsabili del trattamento.<\/li>\n<li>Individui autorizzati al trattamento sotto l\u2019autorit\u00e0 del Titolare o del Responsabile del Trattamento.<\/li>\n<li>Enti pubblici o autorit\u00e0 giudiziarie quando richiesto dalla legge.<\/li>\n<li>Organismi di vigilanza, societ\u00e0 di assicurazione, soggetti obbligati per legge.<\/li>\n<li>Societ\u00e0 dell\u2019informazione e assistenza informatica;<\/li>\n<li>Societ\u00e0 o studi professionali di consulenza legale, contabile, fiscale, amministrativa, finanziaria e recupero crediti;<\/li>\n<li>Fornitori di infrastrutture e soluzioni informatiche;<\/li>\n<li>Fornitori di servizi web;<\/li>\n<li>Banche e fornitori di servizi di pagamento;<\/li>\n<li>Consulenti nei limiti necessari allo svolgimento del proprio incarico.<\/li>\n<\/ul>\n<p>L\u2019elenco aggiornato dei Responsabili del Trattamento e dei soggetti autorizzati \u00e8 custodito presso la sede del Titolare e disponibile su richiesta via email.<\/p>\n<p>I Suoi dati non saranno diffusi.<\/p>\n<p><strong>Legge o esercizio dei diritti<\/strong><\/p>\n<p>Se si ritiene che il rilascio di informazioni sia necessario per rispondere ad un procedimento legale, per indagare o porre rimedio a potenziali violazioni delle nostre politiche, o per proteggere i diritti, la propriet\u00e0 e la sicurezza di altri, possiamo condividere le informazioni come consentito o richiesto da qualsiasi legge, regola o regolamento applicabile. Questo include lo scambio di informazioni con altre entit\u00e0 per la protezione dalle frodi e la riduzione del rischio di credito.<\/p>\n<p><strong>Fornitori di servizi di terze parti<\/strong><\/p>\n<p>Il sito non condivide le informazioni con terze parti che svolgono servizi per il sito o per nostro conto, compresa l&#8217;analisi dei dati, l&#8217;invio di e-mail, i servizi di hosting, il servizio clienti e l&#8217;assistenza marketing (lista dei cookies).<\/p>\n<p><strong>Cookie e web beacon<\/strong><\/p>\n<p>Possiamo utilizzare cookie, web beacon, tracking pixel e altre tecnologie di tracciamento sul sito per aiutare a personalizzare l\u2019esperienza dell\u2019utente. Quando accedi al sito, le informazioni personali non vengono raccolte automaticamente tramite queste tecnologie.<\/p>\n<p>La maggior parte dei browser accetta i cookie per impostazione predefinita. \u00c8 possibile rimuovere o rifiutare i cookie, ma ci\u00f2 potrebbe influenzare la disponibilit\u00e0 e la funzionalit\u00e0 del sito. I web beacon non possono essere rifiutati, ma possono essere resi inefficaci rifiutando i cookie o modificando le impostazioni del browser.<\/p>\n<h3>6. SITI WEB DI TERZE PARTI<\/h3>\n<p>Il sito non contiene link a siti web e applicazioni di terzi di interesse, compresi servizi esterni non affiliati.<\/p>\n<h3>7. PERIODO DI CONSERVAZIONE DEI DATI PERSONALI (DATA RETENTION)<\/h3>\n<p>I dati personali sono conservati sia in formato cartaceo che digitale all\u2019interno dell\u2019Unione Europea, nel rispetto delle misure di sicurezza previste dalla normativa.<\/p>\n<p>Il Titolare tratter\u00e0 i dati personali per il tempo necessario al raggiungimento delle finalit\u00e0 indicate e comunque:<\/p>\n<ul>\n<li>fino a 10 anni per obblighi fiscali e contabili;<\/li>\n<li>non oltre 24 mesi per finalit\u00e0 di marketing.<\/li>\n<\/ul>\n<p><strong>Tempo di conservazione dei dati del sito:<\/strong><\/p>\n<ul>\n<li>I dati contrattuali sono conservati fino alla conclusione del rapporto;<\/li>\n<li>I dati basati su legittimo interesse fino al soddisfacimento dello stesso;<\/li>\n<li>I dati basati su consenso fino a revoca;<\/li>\n<li>I dati possono essere conservati pi\u00f9 a lungo per obblighi di legge.<\/li>\n<\/ul>\n<p>Al termine del periodo di conservazione, i dati saranno cancellati.<\/p>\n<h3>8. TESTO DEL BANNER COOKIE<\/h3>\n<p>&#8220;Utilizziamo cookie o tecnologie simili per finalit\u00e0 tecniche e, con il tuo consenso, anche per migliorare l\u2019esperienza di navigazione, come descritto nella <a href=\"https:\/\/www.gbcapelli.it\/index.php\/cookie-policy\/\">cookie policy<\/a>.<\/p>\n<p>Puoi accettare, rifiutare o gestire le preferenze in qualsiasi momento. Il rifiuto pu\u00f2 limitare alcune funzionalit\u00e0 del sito.&#8221;<\/p>\n<h3>9. TRASFERIMENTO EXTRA UE<\/h3>\n<p>I dati personali non vengono trasferiti al di fuori dell\u2019Unione Europea. Qualora necessario, i trasferimenti avverranno nel rispetto delle garanzie previste dagli artt. 45 e 46 del GDPR.<\/p>\n<h3>10. DIRITTI DELL\u2019INTERESSATO<\/h3>\n<p>L\u2019utente ha diritto di:<\/p>\n<ul>\n<li>accedere ai propri dati (art. 15 GDPR);<\/li>\n<li>rettificare o aggiornare i dati (art. 16 GDPR);<\/li>\n<li>richiedere la cancellazione (art. 17 GDPR);<\/li>\n<li>limitare il trattamento (art. 18 GDPR);<\/li>\n<li>ottenere la portabilit\u00e0 dei dati (art. 20 GDPR);<\/li>\n<li>opporsi al trattamento (art. 21 GDPR);<\/li>\n<li>revocare il consenso in qualsiasi momento.<\/li>\n<\/ul>\n<p><strong>&#8211; Diritto di proporre reclamo all\u2019autorit\u00e0 di controllo.<\/strong><\/p>\n<h3>11. MODALIT\u00c0 DI ESERCIZIO DEI DIRITTI<\/h3>\n<p>Potr\u00e0 in qualsiasi momento esercitare i diritti inviando una richiesta mediante email<br \/>\nall\u2019indirizzo indicato al punto 1 della presente informativa, scrivendo all\u2019Ufficio Privacy<br \/>\ndel titolare del trattamento oppure richiedendo direttamente informazioni al titolare.<\/p>\n<p>Lei potr\u00e0 altres\u00ec esercitare i propri diritti rivolgendosi al Garante della Privacy, con sede<br \/>\nin Piazza Venezia n. 11 \u2013 00187 Roma. Centralino: (+39) 06.696771.<br \/>\nEmail: <a href=\"mailto:protocollo@gpdp.it\">protocollo@gpdp.it<\/a>,<br \/>\nPEC: <a href=\"mailto:protocollo@pec.gpdp.it\">protocollo@pec.gpdp.it<\/a><\/p>\n<h3>12. MODIFICHE ALLA PRESENTE INFORMATIVA<\/h3>\n<p>Il Titolare del Trattamento si riserva il diritto di apportare modifiche alla presente Privacy Policy<br \/>\nin qualunque momento dandone pubblicit\u00e0 agli utenti su questo sito. Si invita pertanto a consultare<br \/>\nperiodicamente questa pagina, facendo riferimento alla data di ultima modifica.<br \/>\nIn caso di mancata accettazione delle modifiche, l\u2019utente pu\u00f2 richiedere la cancellazione dei propri dati personali.<\/p>\n<h3>13. MATERIALI<\/h3>\n<p>Tutti i contenuti presenti nei siti internet (non caricati dagli utenti) appartengono all\u2019archivio del titolare del trattamento,<br \/>\nincluse le immagini. Parte dei materiali fotografici pu\u00f2 provenire da archivi online.<\/p>\n<p>L\u2019utente, caricando contenuti (testi o immagini), dichiara di possederne i diritti anche ai fini commerciali<br \/>\ne si assume piena responsabilit\u00e0 in merito alla loro provenienza e legalit\u00e0.<\/p>\n<h3>14. PROCEDURA DI REVOCA DEI CONSENSI<\/h3>\n<p>\u00c8 possibile richiedere la revoca di uno o pi\u00f9 consensi privacy inviando una email all\u2019indirizzo indicato<br \/>\nal punto 1 della presente informativa, specificando le opzioni da revocare.<\/p>\n<ul>\n<li><strong>Revoca comunicazioni via email<\/strong><\/li>\n<li><strong>Revoca comunicazioni marketing di terze parti<\/strong><\/li>\n<\/ul>\n<p>Le richieste vengono generalmente elaborate entro <strong>48 ore<\/strong>.<\/p>\n<h2>Gestione Cookie nei Browser<\/h2>\n<h3>Chrome<\/h3>\n<ol>\n<li>Aprire Chrome<\/li>\n<li>Accedere al menu<\/li>\n<li>Selezionare \u201cImpostazioni\u201d<\/li>\n<li>Aprire \u201cImpostazioni avanzate\u201d<\/li>\n<li>Sezione \u201cPrivacy\u201d \u2192 \u201cImpostazioni contenuti\u201d<\/li>\n<\/ol>\n<p><a href=\"https:\/\/support.google.com\/accounts\/answer\/61416?hl=en\" target=\"_blank\" rel=\"noopener\"><br \/>\nMaggiori informazioni<br \/>\n<\/a><\/p>\n<h3>Firefox<\/h3>\n<ol>\n<li>Aprire Firefox<\/li>\n<li>Menu \u2192 Opzioni<\/li>\n<li>Sezione Privacy<\/li>\n<\/ol>\n<p><a href=\"https:\/\/support.mozilla.org\/en-US\/kb\/enhanced-tracking-protection-firefox-desktop\" target=\"_blank\" rel=\"noopener\"><br \/>\nMaggiori informazioni<br \/>\n<\/a><\/p>\n<h3>Edge \/ Internet Explorer<\/h3>\n<ol>\n<li>Aprire il browser<\/li>\n<li>Strumenti \u2192 Opzioni Internet<\/li>\n<li>Scheda Privacy<\/li>\n<\/ol>\n<p><a href=\"https:\/\/support.microsoft.com\/it-it\/windows\/eliminare-e-gestire-i-cookie-168dab11-0753-043d-7c16-ede5947fc64d\" target=\"_blank\" rel=\"noopener\"><br \/>\nMaggiori informazioni<br \/>\n<\/a><\/p>\n<h3>Safari<\/h3>\n<ol>\n<li>Aprire Safari<\/li>\n<li>Preferenze \u2192 Privacy<\/li>\n<\/ol>\n<p><a href=\"https:\/\/support.apple.com\/it-it\/guide\/safari\/sfri11471\/mac\" target=\"_blank\" rel=\"noopener\"><br \/>\nMaggiori informazioni<br \/>\n<\/a><\/p>\n<h3>Safari iOS<\/h3>\n<ol>\n<li>Impostazioni \u2192 Safari<\/li>\n<li>Gestione Cookie<\/li>\n<\/ol>\n<p><a href=\"https:\/\/support.apple.com\/it-it\/HT201265\" target=\"_blank\" rel=\"noopener\"><br \/>\nMaggiori informazioni<br \/>\n<\/a><\/p>\n<h3>Opera<\/h3>\n<ol>\n<li>Aprire Opera<\/li>\n<li>Preferenze \u2192 Avanzate \u2192 Cookie<\/li>\n<\/ol>\n<h3>15. DEFINIZIONI E RIFERIMENTI LEGALI<\/h3>\n<p><strong>Dati Personali (o Dati)<\/strong><\/p>\n<p>Qualunque informazione che, direttamente o indirettamente, anche in collegamento con altre informazioni,<br \/>\nrenda identificata o identificabile una persona fisica.<\/p>\n<p><strong>Dati di Utilizzo<\/strong><\/p>\n<p>Informazioni raccolte automaticamente dall\u2019applicazione, come indirizzi IP, nomi a dominio, URI,<br \/>\norario delle richieste, metodo utilizzato, dimensione dei file, codice di risposta del server,<br \/>\npaese di provenienza, caratteristiche del browser e sistema operativo, tempi di permanenza<br \/>\ne percorso di navigazione.<\/p>\n<p><strong>Utente<\/strong><\/p>\n<p>L\u2019individuo che utilizza l\u2019applicazione e che coincide con l\u2019Interessato.<\/p>\n<p><strong>Interessato<\/strong><\/p>\n<p>La persona fisica cui si riferiscono i dati personali.<\/p>\n<p><strong>Responsabile del Trattamento<\/strong><\/p>\n<p>La persona fisica o giuridica che tratta dati personali per conto del Titolare.<\/p>\n<p><strong>Titolare del Trattamento<\/strong><\/p>\n<p>La persona fisica o giuridica che determina finalit\u00e0 e mezzi del trattamento dei dati personali.<\/p>\n<p><strong>Applicazione<\/strong><\/p>\n<p>Lo strumento tramite cui vengono raccolti e trattati i dati personali.<\/p>\n<p><strong>Servizio<\/strong><\/p>\n<p>Il servizio fornito dall\u2019applicazione secondo quanto descritto nel sito.<\/p>\n<p><strong>Unione Europea (UE)<\/strong><\/p>\n<p>Riferimento a tutti gli Stati membri dell\u2019Unione Europea e dello Spazio Economico Europeo.<\/p>\n<p><strong>Cookie<\/strong><\/p>\n<p>Piccole porzioni di dati memorizzate nel browser dell\u2019utente.<\/p>\n<p><strong>Strumenti di Tracciamento<\/strong><\/p>\n<p>Tecnologie come cookie, pixel, script e fingerprinting utilizzate per tracciare l\u2019utente.<\/p>\n<p><strong>Riferimenti legali<\/strong><\/p>\n<p>La presente informativa \u00e8 redatta ai sensi degli artt. 13 e 14 del Regolamento (UE) 2016\/679.<\/p>\n<hr \/>\n<h3>16. POLITICA D\u2019USO ACCETTABILE<\/h3>\n<p><strong>Uso vietato<\/strong><\/p>\n<p>\u00c8 vietato utilizzare il sito per attivit\u00e0 illegali o dannose, tra cui:<\/p>\n<ul>\n<li>Phishing o furto di identit\u00e0<\/li>\n<li>Distribuzione di malware (virus, trojan, ransomware)<\/li>\n<li>Contenuti pornografici o servizi di escort<\/li>\n<li>Promozione di violenza o terrorismo<\/li>\n<li>Violazione della propriet\u00e0 intellettuale<\/li>\n<\/ul>\n<p><strong>Applicazione<\/strong><\/p>\n<p>In caso di violazione, i servizi possono essere sospesi o interrotti senza preavviso.<\/p>\n<p><strong>Segnalazioni<\/strong><\/p>\n<p>Per segnalare violazioni, contattare quanto indicato nel paragrafo 11.<\/p>\n<hr \/>\n<h3>17. PROCEDURA DI CANCELLAZIONE DEI DATI<\/h3>\n<h2>Richiesta di cancellazione<\/h2>\n<p>Gli utenti possono richiedere la cancellazione dei propri dati ai sensi dell\u2019art. 17 GDPR,<br \/>\ninviando una richiesta via email all\u2019indirizzo indicato al punto 1.<\/p>\n<p>La richiesta deve contenere:<\/p>\n<ul>\n<li>Nome e cognome<\/li>\n<li>Email utilizzata<\/li>\n<li>Descrizione della richiesta<\/li>\n<\/ul>\n<p>Le richieste vengono gestite entro 30 giorni, prorogabili fino a 60 giorni in caso di necessit\u00e0.<\/p>\n<p>La cancellazione potrebbe non essere possibile se i dati sono necessari per obblighi legali<br \/>\no altre finalit\u00e0 legittime.<\/p>\n<\/div>\n<\/div><\/div>\n<\/div>\n<\/div>\n<\/div>\n<\/div>\n<\/div>\n<div id=\"cmsmasters_row_sqk1kigkvs\" class=\"cmsmasters_row cmsmasters_color_scheme_default cmsmasters_row_top_default cmsmasters_row_bot_default cmsmasters_row_boxed\">\n<div class=\"cmsmasters_row_outer_parent\">\n<div class=\"cmsmasters_row_outer\">\n<div class=\"cmsmasters_row_inner\">\n<div class=\"cmsmasters_row_margin\">\n<div id=\"cmsmasters_column_6wxl8ojg2h\" class=\"cmsmasters_column one_first\">\n<div class=\"cmsmasters_column_inner\"><div id=\"cmsmasters_button_bi5unx0hps\" class=\"button_wrap\"><a href=\"https:\/\/www.hotelmeridianasirmione.com\/wp-content\/uploads\/2026\/03\/GDPR-PRIVACY.-modulo-cancellazione-dei-dati-sito-web-Meridiana-rev-26-1-1.docx\" class=\"cmsmasters_button\" target=\"_blank\"><span>SCARICA IL MODULO PER RICHIEDERE LA CANCELLAZIONE DEI DATI PERSONALI<\/span><\/a><\/div>\n<\/div><\/div>\n<\/div>\n<\/div>\n<\/div>\n<\/div>\n<\/div>","protected":false},"excerpt":{"rendered":"","protected":false},"author":6,"featured_media":0,"parent":0,"menu_order":0,"comment_status":"closed","ping_status":"closed","template":"","meta":{"footnotes":""},"class_list":["post-15324","page","type-page","status-publish","hentry"],"yoast_head":"<!-- This site is optimized with the Yoast SEO plugin v25.5 - https:\/\/yoast.com\/wordpress\/plugins\/seo\/ -->\n<title>Privacy nuova Meridiana - Hotel Meridiana Sirmione<\/title>\n<meta name=\"robots\" content=\"index, follow, max-snippet:-1, max-image-preview:large, max-video-preview:-1\" \/>\n<link rel=\"canonical\" href=\"https:\/\/www.hotelmeridianasirmione.com\/en\/privacy-nuova-meridiana\/\" \/>\n<meta property=\"og:locale\" content=\"en_GB\" \/>\n<meta property=\"og:type\" content=\"article\" \/>\n<meta property=\"og:title\" content=\"Privacy nuova Meridiana - Hotel Meridiana Sirmione\" \/>\n<meta property=\"og:url\" content=\"https:\/\/www.hotelmeridianasirmione.com\/en\/privacy-nuova-meridiana\/\" \/>\n<meta property=\"og:site_name\" content=\"Hotel Meridiana Sirmione\" \/>\n<meta property=\"article:publisher\" content=\"https:\/\/www.facebook.com\/hotelmeridianasirmione\/\" \/>\n<meta property=\"article:modified_time\" content=\"2026-03-25T15:30:45+00:00\" \/>\n<meta name=\"twitter:card\" content=\"summary_large_image\" \/>\n<meta name=\"twitter:label1\" content=\"Estimated reading time\" \/>\n\t<meta name=\"twitter:data1\" content=\"13 minutes\" \/>\n<script type=\"application\/ld+json\" class=\"yoast-schema-graph\">{\"@context\":\"https:\/\/schema.org\",\"@graph\":[{\"@type\":\"WebPage\",\"@id\":\"https:\/\/www.hotelmeridianasirmione.com\/privacy-nuova-meridiana\/\",\"url\":\"https:\/\/www.hotelmeridianasirmione.com\/privacy-nuova-meridiana\/\",\"name\":\"Privacy nuova Meridiana - Hotel Meridiana Sirmione\",\"isPartOf\":{\"@id\":\"https:\/\/www.hotelmeridianasirmione.com\/#website\"},\"datePublished\":\"2026-03-25T14:11:08+00:00\",\"dateModified\":\"2026-03-25T15:30:45+00:00\",\"breadcrumb\":{\"@id\":\"https:\/\/www.hotelmeridianasirmione.com\/privacy-nuova-meridiana\/#breadcrumb\"},\"inLanguage\":\"en-GB\",\"potentialAction\":[{\"@type\":\"ReadAction\",\"target\":[\"https:\/\/www.hotelmeridianasirmione.com\/privacy-nuova-meridiana\/\"]}]},{\"@type\":\"BreadcrumbList\",\"@id\":\"https:\/\/www.hotelmeridianasirmione.com\/privacy-nuova-meridiana\/#breadcrumb\",\"itemListElement\":[{\"@type\":\"ListItem\",\"position\":1,\"name\":\"Home\",\"item\":\"https:\/\/www.hotelmeridianasirmione.com\/\"},{\"@type\":\"ListItem\",\"position\":2,\"name\":\"Privacy nuova Meridiana\"}]},{\"@type\":\"WebSite\",\"@id\":\"https:\/\/www.hotelmeridianasirmione.com\/#website\",\"url\":\"https:\/\/www.hotelmeridianasirmione.com\/\",\"name\":\"Hotel Meridiana Sirmione\",\"description\":\"Hotel Meridiana Sirmione***\",\"publisher\":{\"@id\":\"https:\/\/www.hotelmeridianasirmione.com\/#organization\"},\"potentialAction\":[{\"@type\":\"SearchAction\",\"target\":{\"@type\":\"EntryPoint\",\"urlTemplate\":\"https:\/\/www.hotelmeridianasirmione.com\/?s={search_term_string}\"},\"query-input\":{\"@type\":\"PropertyValueSpecification\",\"valueRequired\":true,\"valueName\":\"search_term_string\"}}],\"inLanguage\":\"en-GB\"},{\"@type\":\"Organization\",\"@id\":\"https:\/\/www.hotelmeridianasirmione.com\/#organization\",\"name\":\"Hotel Meridiana Sirmione\",\"url\":\"https:\/\/www.hotelmeridianasirmione.com\/\",\"logo\":{\"@type\":\"ImageObject\",\"inLanguage\":\"en-GB\",\"@id\":\"https:\/\/www.hotelmeridianasirmione.com\/#\/schema\/logo\/image\/\",\"url\":\"https:\/\/www.hotelmeridianasirmione.com\/wp-content\/uploads\/2019\/12\/image.png\",\"contentUrl\":\"https:\/\/www.hotelmeridianasirmione.com\/wp-content\/uploads\/2019\/12\/image.png\",\"width\":1039,\"height\":641,\"caption\":\"Hotel Meridiana Sirmione\"},\"image\":{\"@id\":\"https:\/\/www.hotelmeridianasirmione.com\/#\/schema\/logo\/image\/\"},\"sameAs\":[\"https:\/\/www.facebook.com\/hotelmeridianasirmione\/\",\"https:\/\/www.instagram.com\/hotelmeridianasirmione\/\",\"https:\/\/www.youtube.com\/channel\/UCU9aSe_8MDqiYvgVOKRUqXg\"]}]}<\/script>\n<!-- \/ Yoast SEO plugin. -->","yoast_head_json":{"title":"Privacy nuova Meridiana - Hotel Meridiana Sirmione","robots":{"index":"index","follow":"follow","max-snippet":"max-snippet:-1","max-image-preview":"max-image-preview:large","max-video-preview":"max-video-preview:-1"},"canonical":"https:\/\/www.hotelmeridianasirmione.com\/en\/privacy-nuova-meridiana\/","og_locale":"en_GB","og_type":"article","og_title":"Privacy nuova Meridiana - Hotel Meridiana Sirmione","og_url":"https:\/\/www.hotelmeridianasirmione.com\/en\/privacy-nuova-meridiana\/","og_site_name":"Hotel Meridiana Sirmione","article_publisher":"https:\/\/www.facebook.com\/hotelmeridianasirmione\/","article_modified_time":"2026-03-25T15:30:45+00:00","twitter_card":"summary_large_image","twitter_misc":{"Estimated reading time":"13 minutes"},"schema":{"@context":"https:\/\/schema.org","@graph":[{"@type":"WebPage","@id":"https:\/\/www.hotelmeridianasirmione.com\/privacy-nuova-meridiana\/","url":"https:\/\/www.hotelmeridianasirmione.com\/privacy-nuova-meridiana\/","name":"Privacy nuova Meridiana - Hotel Meridiana Sirmione","isPartOf":{"@id":"https:\/\/www.hotelmeridianasirmione.com\/#website"},"datePublished":"2026-03-25T14:11:08+00:00","dateModified":"2026-03-25T15:30:45+00:00","breadcrumb":{"@id":"https:\/\/www.hotelmeridianasirmione.com\/privacy-nuova-meridiana\/#breadcrumb"},"inLanguage":"en-GB","potentialAction":[{"@type":"ReadAction","target":["https:\/\/www.hotelmeridianasirmione.com\/privacy-nuova-meridiana\/"]}]},{"@type":"BreadcrumbList","@id":"https:\/\/www.hotelmeridianasirmione.com\/privacy-nuova-meridiana\/#breadcrumb","itemListElement":[{"@type":"ListItem","position":1,"name":"Home","item":"https:\/\/www.hotelmeridianasirmione.com\/"},{"@type":"ListItem","position":2,"name":"Privacy nuova Meridiana"}]},{"@type":"WebSite","@id":"https:\/\/www.hotelmeridianasirmione.com\/#website","url":"https:\/\/www.hotelmeridianasirmione.com\/","name":"Hotel Meridiana Sirmione","description":"Hotel Meridiana Sirmione***","publisher":{"@id":"https:\/\/www.hotelmeridianasirmione.com\/#organization"},"potentialAction":[{"@type":"SearchAction","target":{"@type":"EntryPoint","urlTemplate":"https:\/\/www.hotelmeridianasirmione.com\/?s={search_term_string}"},"query-input":{"@type":"PropertyValueSpecification","valueRequired":true,"valueName":"search_term_string"}}],"inLanguage":"en-GB"},{"@type":"Organization","@id":"https:\/\/www.hotelmeridianasirmione.com\/#organization","name":"Hotel Meridiana Sirmione","url":"https:\/\/www.hotelmeridianasirmione.com\/","logo":{"@type":"ImageObject","inLanguage":"en-GB","@id":"https:\/\/www.hotelmeridianasirmione.com\/#\/schema\/logo\/image\/","url":"https:\/\/www.hotelmeridianasirmione.com\/wp-content\/uploads\/2019\/12\/image.png","contentUrl":"https:\/\/www.hotelmeridianasirmione.com\/wp-content\/uploads\/2019\/12\/image.png","width":1039,"height":641,"caption":"Hotel Meridiana Sirmione"},"image":{"@id":"https:\/\/www.hotelmeridianasirmione.com\/#\/schema\/logo\/image\/"},"sameAs":["https:\/\/www.facebook.com\/hotelmeridianasirmione\/","https:\/\/www.instagram.com\/hotelmeridianasirmione\/","https:\/\/www.youtube.com\/channel\/UCU9aSe_8MDqiYvgVOKRUqXg"]}]}},"_links":{"self":[{"href":"https:\/\/www.hotelmeridianasirmione.com\/en\/wp-json\/wp\/v2\/pages\/15324","targetHints":{"allow":["GET"]}}],"collection":[{"href":"https:\/\/www.hotelmeridianasirmione.com\/en\/wp-json\/wp\/v2\/pages"}],"about":[{"href":"https:\/\/www.hotelmeridianasirmione.com\/en\/wp-json\/wp\/v2\/types\/page"}],"author":[{"embeddable":true,"href":"https:\/\/www.hotelmeridianasirmione.com\/en\/wp-json\/wp\/v2\/users\/6"}],"replies":[{"embeddable":true,"href":"https:\/\/www.hotelmeridianasirmione.com\/en\/wp-json\/wp\/v2\/comments?post=15324"}],"version-history":[{"count":0,"href":"https:\/\/www.hotelmeridianasirmione.com\/en\/wp-json\/wp\/v2\/pages\/15324\/revisions"}],"wp:attachment":[{"href":"https:\/\/www.hotelmeridianasirmione.com\/en\/wp-json\/wp\/v2\/media?parent=15324"}],"curies":[{"name":"wp","href":"https:\/\/api.w.org\/{rel}","templated":true}]}}